{"id":2422,"date":"2021-07-03T18:54:07","date_gmt":"2021-07-03T21:54:07","guid":{"rendered":"http:\/\/grupogpps.org\/?page_id=2422"},"modified":"2022-08-04T09:30:44","modified_gmt":"2022-08-04T12:30:44","slug":"eventos-y-actividades","status":"publish","type":"page","link":"https:\/\/grupogpps.org\/pt\/eventos-y-actividades\/","title":{"rendered":"Eventos e atividades"},"content":{"rendered":"<div data-elementor-type=\"wp-page\" data-elementor-id=\"2422\" class=\"elementor elementor-2422\" data-elementor-post-type=\"page\">\n\t\t\t\t\t\t\t\t\t<section class=\"elementor-section elementor-top-section elementor-element elementor-element-55434ab9 elementor-section-stretched elementor-section-full_width elementor-section-height-default elementor-section-height-default\" data-id=\"55434ab9\" data-element_type=\"section\" data-settings=\"{&quot;stretch_section&quot;:&quot;section-stretched&quot;,&quot;shape_divider_bottom&quot;:&quot;curve&quot;,&quot;shape_divider_bottom_negative&quot;:&quot;yes&quot;}\">\n\t\t\t\t\t<div class=\"elementor-shape elementor-shape-bottom\" data-negative=\"true\">\n\t\t\t<svg xmlns=\"http:\/\/www.w3.org\/2000\/svg\" viewbox=\"0 0 1000 100\" preserveaspectratio=\"none\">\n\t<path class=\"elementor-shape-fill\" d=\"M500,97C126.7,96.3,0.8,19.8,0,0v100l1000,0V1C1000,19.4,873.3,97.8,500,97z\"\/>\n<\/svg>\t\t<\/div>\n\t\t\t\t\t<div class=\"elementor-container elementor-column-gap-default\">\n\t\t\t\t\t<div class=\"elementor-column elementor-col-100 elementor-top-column elementor-element elementor-element-3ff7a17e\" data-id=\"3ff7a17e\" data-element_type=\"column\" data-settings=\"{&quot;motion_fx_translateY_effect&quot;:&quot;yes&quot;,&quot;motion_fx_motion_fx_scrolling&quot;:&quot;yes&quot;,&quot;motion_fx_translateY_direction&quot;:&quot;negative&quot;,&quot;motion_fx_translateY_speed&quot;:{&quot;unit&quot;:&quot;px&quot;,&quot;size&quot;:5,&quot;sizes&quot;:[]},&quot;motion_fx_devices&quot;:[&quot;desktop&quot;,&quot;tablet&quot;],&quot;motion_fx_translateY_affectedRange&quot;:{&quot;unit&quot;:&quot;%&quot;,&quot;size&quot;:&quot;&quot;,&quot;sizes&quot;:{&quot;start&quot;:0,&quot;end&quot;:100}}}\">\n\t\t\t<div class=\"elementor-widget-wrap elementor-element-populated\">\n\t\t\t\t\t\t\t\t<div class=\"elementor-element elementor-element-1a118553 elementor-widget elementor-widget-menu-anchor\" data-id=\"1a118553\" data-element_type=\"widget\" data-widget_type=\"menu-anchor.default\">\n\t\t\t\t<div class=\"elementor-widget-container\">\n\t\t\t\t\t<div id=\"top\" class=\"elementor-menu-anchor\"><\/div>\n\t\t\t\t<\/div>\n\t\t\t\t<\/div>\n\t\t\t\t<div class=\"elementor-element elementor-element-328b27b3 slide elementor--h-position-center elementor--v-position-middle elementor-invisible elementor-widget elementor-widget-slides\" data-id=\"328b27b3\" data-element_type=\"widget\" data-settings=\"{&quot;navigation&quot;:&quot;none&quot;,&quot;transition&quot;:&quot;fade&quot;,&quot;transition_speed&quot;:1000,&quot;_animation&quot;:&quot;pulse&quot;}\" data-widget_type=\"slides.default\">\n\t\t\t\t<div class=\"elementor-widget-container\">\n\t\t\t\t\t<div class=\"elementor-swiper\">\n\t\t\t<div class=\"elementor-slides-wrapper elementor-main-swiper swiper-container\" dir=\"ltr\" data-animation=\"fadeInDown\">\n\t\t\t\t<div class=\"swiper-wrapper elementor-slides\">\n\t\t\t\t\t\t\t\t\t\t<div class=\"elementor-repeater-item-6181a15 swiper-slide\"><div class=\"swiper-slide-bg\" role=\"img\"><\/div><div class=\"swiper-slide-inner\" ><div class=\"swiper-slide-contents\"><\/div><\/div><\/div>\t\t\t\t<\/div>\n\t\t\t\t\t\t\t<\/div>\n\t\t<\/div>\n\t\t\t\t<\/div>\n\t\t\t\t<\/div>\n\t\t\t\t\t<\/div>\n\t\t<\/div>\n\t\t\t\t\t\t\t<\/div>\n\t\t<\/section>\n\t\t\t\t<section class=\"elementor-section elementor-top-section elementor-element elementor-element-336b5fb0 elementor-section-boxed elementor-section-height-default elementor-section-height-default\" data-id=\"336b5fb0\" data-element_type=\"section\" data-settings=\"{&quot;background_background&quot;:&quot;classic&quot;}\">\n\t\t\t\t\t\t<div class=\"elementor-container elementor-column-gap-default\">\n\t\t\t\t\t<div class=\"elementor-column elementor-col-100 elementor-top-column elementor-element elementor-element-13a0c633\" data-id=\"13a0c633\" data-element_type=\"column\">\n\t\t\t<div class=\"elementor-widget-wrap elementor-element-populated\">\n\t\t\t\t\t\t\t\t<div class=\"elementor-element elementor-element-42b38388 tit elementor-widget__width-auto elementor-widget elementor-widget-text-editor\" data-id=\"42b38388\" data-element_type=\"widget\" data-widget_type=\"text-editor.default\">\n\t\t\t\t<div class=\"elementor-widget-container\">\n\t\t\t\t\t\t\t<p>Eventos e atividades<\/p>\t\t\t\t\t\t<\/div>\n\t\t\t\t<\/div>\n\t\t\t\t\t<\/div>\n\t\t<\/div>\n\t\t\t\t\t\t\t<\/div>\n\t\t<\/section>\n\t\t\t\t<section class=\"elementor-section elementor-top-section elementor-element elementor-element-1c370ef2 elementor-section-stretched elementor-section-boxed elementor-section-height-default elementor-section-height-default\" data-id=\"1c370ef2\" data-element_type=\"section\" data-settings=\"{&quot;stretch_section&quot;:&quot;section-stretched&quot;,&quot;background_background&quot;:&quot;classic&quot;}\">\n\t\t\t\t\t\t<div class=\"elementor-container elementor-column-gap-default\">\n\t\t\t\t\t<div class=\"elementor-column elementor-col-100 elementor-top-column elementor-element elementor-element-751273d9\" data-id=\"751273d9\" data-element_type=\"column\">\n\t\t\t<div class=\"elementor-widget-wrap elementor-element-populated\">\n\t\t\t\t\t\t\t\t<div class=\"elementor-element elementor-element-9eca6c4 elementor-invisible elementor-widget elementor-widget-text-editor\" data-id=\"9eca6c4\" data-element_type=\"widget\" data-settings=\"{&quot;_animation&quot;:&quot;fadeIn&quot;}\" data-widget_type=\"text-editor.default\">\n\t\t\t\t<div class=\"elementor-widget-container\">\n\t\t\t\t\t\t\tO GPS procura promover um debate informado sobre temas de interesse; e difundir informa\u00e7\u00f5es e ideias por meio da promo\u00e7\u00e3o, organiza\u00e7\u00e3o e participa\u00e7\u00e3o em f\u00f3runs nacionais, regionais e internacionais para contribuir para o posicionamento internacional dos sistemas agroalimentares da regi\u00e3o.\t\t\t\t\t\t<\/div>\n\t\t\t\t<\/div>\n\t\t\t\t\t<\/div>\n\t\t<\/div>\n\t\t\t\t\t\t\t<\/div>\n\t\t<\/section>\n\t\t\t\t<section class=\"elementor-section elementor-top-section elementor-element elementor-element-45efb920 elementor-section-stretched elementor-section-boxed elementor-section-height-default elementor-section-height-default\" data-id=\"45efb920\" data-element_type=\"section\" data-settings=\"{&quot;stretch_section&quot;:&quot;section-stretched&quot;,&quot;background_background&quot;:&quot;classic&quot;}\">\n\t\t\t\t\t\t<div class=\"elementor-container elementor-column-gap-default\">\n\t\t\t\t\t<div class=\"elementor-column elementor-col-100 elementor-top-column elementor-element elementor-element-993753b\" data-id=\"993753b\" data-element_type=\"column\">\n\t\t\t<div class=\"elementor-widget-wrap elementor-element-populated\">\n\t\t\t\t\t\t\t\t<div class=\"elementor-element elementor-element-5bc314a elementor-widget-divider--view-line elementor-widget elementor-widget-divider\" data-id=\"5bc314a\" data-element_type=\"widget\" data-widget_type=\"divider.default\">\n\t\t\t\t<div class=\"elementor-widget-container\">\n\t\t\t\t\t<div class=\"elementor-divider\">\n\t\t\t<span class=\"elementor-divider-separator\">\n\t\t\t\t\t\t<\/span>\n\t\t<\/div>\n\t\t\t\t<\/div>\n\t\t\t\t<\/div>\n\t\t\t\t<div class=\"elementor-element elementor-element-4ab3de6 elementor-posts--align-left novedades elementor-grid-3 elementor-grid-tablet-2 elementor-grid-mobile-1 elementor-posts--thumbnail-top elementor-posts__hover-gradient elementor-invisible elementor-widget elementor-widget-posts\" data-id=\"4ab3de6\" data-element_type=\"widget\" data-settings=\"{&quot;cards_row_gap&quot;:{&quot;unit&quot;:&quot;px&quot;,&quot;size&quot;:50,&quot;sizes&quot;:[]},&quot;_animation&quot;:&quot;fadeIn&quot;,&quot;pagination_type&quot;:&quot;prev_next&quot;,&quot;cards_columns&quot;:&quot;3&quot;,&quot;cards_columns_tablet&quot;:&quot;2&quot;,&quot;cards_columns_mobile&quot;:&quot;1&quot;,&quot;cards_row_gap_tablet&quot;:{&quot;unit&quot;:&quot;px&quot;,&quot;size&quot;:&quot;&quot;,&quot;sizes&quot;:[]},&quot;cards_row_gap_mobile&quot;:{&quot;unit&quot;:&quot;px&quot;,&quot;size&quot;:&quot;&quot;,&quot;sizes&quot;:[]}}\" data-widget_type=\"posts.cards\">\n\t\t\t\t<div class=\"elementor-widget-container\">\n\t\t\t\t\t<div class=\"elementor-posts-container elementor-posts elementor-posts--skin-cards elementor-grid\">\n\t\t\t\t<article class=\"elementor-post elementor-grid-item post-5315 post type-post status-publish format-standard has-post-thumbnail hentry category-actividades category-eventos category-home category-novedades\">\n\t\t\t<div class=\"elementor-post__card\">\n\t\t\t\t<a class=\"elementor-post__thumbnail__link\" href=\"https:\/\/grupogpps.org\/pt\/reformas-exportaciones-y-geopolitica-regunaga-expuso-ante-el-ceal-brasil-sobre-el-futuro-de-los-agronegocios-argentinos\/\" ><div class=\"elementor-post__thumbnail\"><img loading=\"lazy\" decoding=\"async\" width=\"768\" height=\"432\" src=\"https:\/\/grupogpps.org\/wp-content\/uploads\/2026\/04\/DESTACADA-768x432.jpeg\" class=\"attachment-medium_large size-medium_large wp-image-5316\" alt=\"\" srcset=\"https:\/\/grupogpps.org\/wp-content\/uploads\/2026\/04\/DESTACADA-768x432.jpeg 768w, https:\/\/grupogpps.org\/wp-content\/uploads\/2026\/04\/DESTACADA-300x169.jpeg 300w, https:\/\/grupogpps.org\/wp-content\/uploads\/2026\/04\/DESTACADA-1024x576.jpeg 1024w, https:\/\/grupogpps.org\/wp-content\/uploads\/2026\/04\/DESTACADA-1536x864.jpeg 1536w, https:\/\/grupogpps.org\/wp-content\/uploads\/2026\/04\/DESTACADA-18x10.jpeg 18w, https:\/\/grupogpps.org\/wp-content\/uploads\/2026\/04\/DESTACADA.jpeg 1600w\" sizes=\"auto, (max-width: 768px) 100vw, 768px\" \/><\/div><\/a>\n\t\t\t\t<div class=\"elementor-post__text\">\n\t\t\t\t<h3 class=\"elementor-post__title\">\n\t\t\t<a href=\"https:\/\/grupogpps.org\/pt\/reformas-exportaciones-y-geopolitica-regunaga-expuso-ante-el-ceal-brasil-sobre-el-futuro-de-los-agronegocios-argentinos\/\" >\n\t\t\t\tReformas, exporta\u00e7\u00f5es e geopol\u00edtica: Reg\u00fanaga conversou com a CEAL Brasil sobre o futuro do agroneg\u00f3cio argentino.\t\t\t<\/a>\n\t\t<\/h3>\n\t\t\t\t<\/div>\n\t\t\t\t<div class=\"elementor-post__meta-data\">\n\t\t\t\t\t<span class=\"elementor-post-date\">\n\t\t\t1 abril, 2026\t\t<\/span>\n\t\t\t\t<\/div>\n\t\t\t\t\t<\/div>\n\t\t<\/article>\n\t\t\t\t<article class=\"elementor-post elementor-grid-item post-5304 post type-post status-publish format-standard has-post-thumbnail hentry category-actividades category-eventos category-home category-novedades\">\n\t\t\t<div class=\"elementor-post__card\">\n\t\t\t\t<a class=\"elementor-post__thumbnail__link\" href=\"https:\/\/grupogpps.org\/pt\/regunaga-integro-el-consejo-estrategico-de-alto-nivel-del-agronegocio-brasileno\/\" ><div class=\"elementor-post__thumbnail\"><img loading=\"lazy\" decoding=\"async\" width=\"768\" height=\"490\" src=\"https:\/\/grupogpps.org\/wp-content\/uploads\/2026\/03\/portada-768x490.jpeg\" class=\"attachment-medium_large size-medium_large wp-image-5305\" alt=\"\" srcset=\"https:\/\/grupogpps.org\/wp-content\/uploads\/2026\/03\/portada-768x490.jpeg 768w, https:\/\/grupogpps.org\/wp-content\/uploads\/2026\/03\/portada-300x192.jpeg 300w, https:\/\/grupogpps.org\/wp-content\/uploads\/2026\/03\/portada-18x12.jpeg 18w, https:\/\/grupogpps.org\/wp-content\/uploads\/2026\/03\/portada.jpeg 954w\" sizes=\"auto, (max-width: 768px) 100vw, 768px\" \/><\/div><\/a>\n\t\t\t\t<div class=\"elementor-post__text\">\n\t\t\t\t<h3 class=\"elementor-post__title\">\n\t\t\t<a href=\"https:\/\/grupogpps.org\/pt\/regunaga-integro-el-consejo-estrategico-de-alto-nivel-del-agronegocio-brasileno\/\" >\n\t\t\t\tReg\u00fanaga foi membro do Conselho Estrat\u00e9gico de Alto N\u00edvel do Agroneg\u00f3cio Brasileiro\t\t\t<\/a>\n\t\t<\/h3>\n\t\t\t\t<\/div>\n\t\t\t\t<div class=\"elementor-post__meta-data\">\n\t\t\t\t\t<span class=\"elementor-post-date\">\n\t\t\t25 mar\u00e7o, 2026\t\t<\/span>\n\t\t\t\t<\/div>\n\t\t\t\t\t<\/div>\n\t\t<\/article>\n\t\t\t\t<article class=\"elementor-post elementor-grid-item post-5208 post type-post status-publish format-standard has-post-thumbnail hentry category-actividades category-eventos category-home category-novedades\">\n\t\t\t<div class=\"elementor-post__card\">\n\t\t\t\t<a class=\"elementor-post__thumbnail__link\" href=\"https:\/\/grupogpps.org\/pt\/el-cono-sur-ante-la-cop30-el-agro-y-las-finanzas-climaticas-en-el-centro-del-debate\/\" ><div class=\"elementor-post__thumbnail\"><img loading=\"lazy\" decoding=\"async\" width=\"768\" height=\"460\" src=\"https:\/\/grupogpps.org\/wp-content\/uploads\/2025\/11\/COP30-Brasil-768x460.jpg\" class=\"attachment-medium_large size-medium_large wp-image-5209\" alt=\"\" srcset=\"https:\/\/grupogpps.org\/wp-content\/uploads\/2025\/11\/COP30-Brasil-768x460.jpg 768w, https:\/\/grupogpps.org\/wp-content\/uploads\/2025\/11\/COP30-Brasil-300x180.jpg 300w, https:\/\/grupogpps.org\/wp-content\/uploads\/2025\/11\/COP30-Brasil-1024x614.jpg 1024w, https:\/\/grupogpps.org\/wp-content\/uploads\/2025\/11\/COP30-Brasil-18x12.jpg 18w, https:\/\/grupogpps.org\/wp-content\/uploads\/2025\/11\/COP30-Brasil.jpg 1200w\" sizes=\"auto, (max-width: 768px) 100vw, 768px\" \/><\/div><\/a>\n\t\t\t\t<div class=\"elementor-post__text\">\n\t\t\t\t<h3 class=\"elementor-post__title\">\n\t\t\t<a href=\"https:\/\/grupogpps.org\/pt\/el-cono-sur-ante-la-cop30-el-agro-y-las-finanzas-climaticas-en-el-centro-del-debate\/\" >\n\t\t\t\tO Cone Sul na COP30: agricultura e financiamento clim\u00e1tico no centro do debate\t\t\t<\/a>\n\t\t<\/h3>\n\t\t\t\t<\/div>\n\t\t\t\t<div class=\"elementor-post__meta-data\">\n\t\t\t\t\t<span class=\"elementor-post-date\">\n\t\t\t27 novembro, 2025\t\t<\/span>\n\t\t\t\t<\/div>\n\t\t\t\t\t<\/div>\n\t\t<\/article>\n\t\t\t\t<article class=\"elementor-post elementor-grid-item post-5180 post type-post status-publish format-standard has-post-thumbnail hentry category-actividades category-eventos category-home category-novedades\">\n\t\t\t<div class=\"elementor-post__card\">\n\t\t\t\t<a class=\"elementor-post__thumbnail__link\" href=\"https:\/\/grupogpps.org\/pt\/culmino-el-plan-de-capacitacion-iase-gps-2025-formacion-sustentabilidad-y-desarrollo-agroindustrial\/\" ><div class=\"elementor-post__thumbnail\"><img loading=\"lazy\" decoding=\"async\" width=\"768\" height=\"576\" src=\"https:\/\/grupogpps.org\/wp-content\/uploads\/2025\/11\/WhatsApp-Image-2025-10-31-at-11.57.07-AM-1-768x576.jpeg\" class=\"attachment-medium_large size-medium_large wp-image-5183\" alt=\"\" srcset=\"https:\/\/grupogpps.org\/wp-content\/uploads\/2025\/11\/WhatsApp-Image-2025-10-31-at-11.57.07-AM-1-768x576.jpeg 768w, https:\/\/grupogpps.org\/wp-content\/uploads\/2025\/11\/WhatsApp-Image-2025-10-31-at-11.57.07-AM-1-300x225.jpeg 300w, https:\/\/grupogpps.org\/wp-content\/uploads\/2025\/11\/WhatsApp-Image-2025-10-31-at-11.57.07-AM-1-1024x768.jpeg 1024w, https:\/\/grupogpps.org\/wp-content\/uploads\/2025\/11\/WhatsApp-Image-2025-10-31-at-11.57.07-AM-1-1536x1152.jpeg 1536w, https:\/\/grupogpps.org\/wp-content\/uploads\/2025\/11\/WhatsApp-Image-2025-10-31-at-11.57.07-AM-1-16x12.jpeg 16w, https:\/\/grupogpps.org\/wp-content\/uploads\/2025\/11\/WhatsApp-Image-2025-10-31-at-11.57.07-AM-1.jpeg 1600w\" sizes=\"auto, (max-width: 768px) 100vw, 768px\" \/><\/div><\/a>\n\t\t\t\t<div class=\"elementor-post__text\">\n\t\t\t\t<h3 class=\"elementor-post__title\">\n\t\t\t<a href=\"https:\/\/grupogpps.org\/pt\/culmino-el-plan-de-capacitacion-iase-gps-2025-formacion-sustentabilidad-y-desarrollo-agroindustrial\/\" >\n\t\t\t\tCulmin\u00f3 el Plan de Capacitaci\u00f3n IASE\u2013GPS 2025: formaci\u00f3n, sustentabilidad y desarrollo agroindustrial\t\t\t<\/a>\n\t\t<\/h3>\n\t\t\t\t<\/div>\n\t\t\t\t<div class=\"elementor-post__meta-data\">\n\t\t\t\t\t<span class=\"elementor-post-date\">\n\t\t\t5 novembro, 2025\t\t<\/span>\n\t\t\t\t<\/div>\n\t\t\t\t\t<\/div>\n\t\t<\/article>\n\t\t\t\t<article class=\"elementor-post elementor-grid-item post-5170 post type-post status-publish format-standard has-post-thumbnail hentry category-actividades category-eventos category-home category-novedades\">\n\t\t\t<div class=\"elementor-post__card\">\n\t\t\t\t<a class=\"elementor-post__thumbnail__link\" href=\"https:\/\/grupogpps.org\/pt\/gps-y-la-fundacion-producir-conservando-sellan-una-alianza-para-fortalecer-la-sostenibilidad-y-competitividad-del-agro\/\" ><div class=\"elementor-post__thumbnail\"><img loading=\"lazy\" decoding=\"async\" width=\"697\" height=\"475\" src=\"https:\/\/grupogpps.org\/wp-content\/uploads\/2025\/11\/3.jpeg\" class=\"attachment-medium_large size-medium_large wp-image-5172\" alt=\"\" srcset=\"https:\/\/grupogpps.org\/wp-content\/uploads\/2025\/11\/3.jpeg 697w, https:\/\/grupogpps.org\/wp-content\/uploads\/2025\/11\/3-300x204.jpeg 300w, https:\/\/grupogpps.org\/wp-content\/uploads\/2025\/11\/3-18x12.jpeg 18w\" sizes=\"auto, (max-width: 697px) 100vw, 697px\" \/><\/div><\/a>\n\t\t\t\t<div class=\"elementor-post__text\">\n\t\t\t\t<h3 class=\"elementor-post__title\">\n\t\t\t<a href=\"https:\/\/grupogpps.org\/pt\/gps-y-la-fundacion-producir-conservando-sellan-una-alianza-para-fortalecer-la-sostenibilidad-y-competitividad-del-agro\/\" >\n\t\t\t\tA GPS e a Funda\u00e7\u00e3o Produtor Conservando firmam alian\u00e7a para fortalecer a sustentabilidade e a competitividade da agricultura.\t\t\t<\/a>\n\t\t<\/h3>\n\t\t\t\t<\/div>\n\t\t\t\t<div class=\"elementor-post__meta-data\">\n\t\t\t\t\t<span class=\"elementor-post-date\">\n\t\t\t5 novembro, 2025\t\t<\/span>\n\t\t\t\t<\/div>\n\t\t\t\t\t<\/div>\n\t\t<\/article>\n\t\t\t\t<article class=\"elementor-post elementor-grid-item post-5159 post type-post status-publish format-standard has-post-thumbnail hentry category-actividades category-eventos category-home category-novedades\">\n\t\t\t<div class=\"elementor-post__card\">\n\t\t\t\t<a class=\"elementor-post__thumbnail__link\" href=\"https:\/\/grupogpps.org\/pt\/proyecto-de-informacion-a-la-prensa-de-la-reunion-del-secretario-brun-con-gps\/\" ><div class=\"elementor-post__thumbnail\"><img loading=\"lazy\" decoding=\"async\" width=\"768\" height=\"355\" src=\"https:\/\/grupogpps.org\/wp-content\/uploads\/2025\/10\/CARI_1-768x355.jpeg\" class=\"attachment-medium_large size-medium_large wp-image-5160\" alt=\"\" srcset=\"https:\/\/grupogpps.org\/wp-content\/uploads\/2025\/10\/CARI_1-768x355.jpeg 768w, https:\/\/grupogpps.org\/wp-content\/uploads\/2025\/10\/CARI_1-300x139.jpeg 300w, https:\/\/grupogpps.org\/wp-content\/uploads\/2025\/10\/CARI_1-1024x473.jpeg 1024w, https:\/\/grupogpps.org\/wp-content\/uploads\/2025\/10\/CARI_1-1536x709.jpeg 1536w, https:\/\/grupogpps.org\/wp-content\/uploads\/2025\/10\/CARI_1-18x8.jpeg 18w, https:\/\/grupogpps.org\/wp-content\/uploads\/2025\/10\/CARI_1.jpeg 1600w\" sizes=\"auto, (max-width: 768px) 100vw, 768px\" \/><\/div><\/a>\n\t\t\t\t<div class=\"elementor-post__text\">\n\t\t\t\t<h3 class=\"elementor-post__title\">\n\t\t\t<a href=\"https:\/\/grupogpps.org\/pt\/proyecto-de-informacion-a-la-prensa-de-la-reunion-del-secretario-brun-con-gps\/\" >\n\t\t\t\tEl Secretario Fernando Brun particip\u00f3 en un encuentro con GPS sobre la inserci\u00f3n internacional del agro argentino\t\t\t<\/a>\n\t\t<\/h3>\n\t\t\t\t<\/div>\n\t\t\t\t<div class=\"elementor-post__meta-data\">\n\t\t\t\t\t<span class=\"elementor-post-date\">\n\t\t\t15 outubro, 2025\t\t<\/span>\n\t\t\t\t<\/div>\n\t\t\t\t\t<\/div>\n\t\t<\/article>\n\t\t\t\t<article class=\"elementor-post elementor-grid-item post-5150 post type-post status-publish format-standard has-post-thumbnail hentry category-actividades category-eventos category-home category-novedades\">\n\t\t\t<div class=\"elementor-post__card\">\n\t\t\t\t<a class=\"elementor-post__thumbnail__link\" href=\"https:\/\/grupogpps.org\/pt\/marcelo-regunaga-la-agricultura-del-mercosur-debe-ser-reconocida-como-parte-de-la-solucion-al-cambio-climatico\/\" ><div class=\"elementor-post__thumbnail\"><img loading=\"lazy\" decoding=\"async\" width=\"768\" height=\"345\" src=\"https:\/\/grupogpps.org\/wp-content\/uploads\/2025\/10\/CAMPANAGRUESA1-768x345.jpeg\" class=\"attachment-medium_large size-medium_large wp-image-5151\" alt=\"\" srcset=\"https:\/\/grupogpps.org\/wp-content\/uploads\/2025\/10\/CAMPANAGRUESA1-768x345.jpeg 768w, https:\/\/grupogpps.org\/wp-content\/uploads\/2025\/10\/CAMPANAGRUESA1-300x135.jpeg 300w, https:\/\/grupogpps.org\/wp-content\/uploads\/2025\/10\/CAMPANAGRUESA1-1024x460.jpeg 1024w, https:\/\/grupogpps.org\/wp-content\/uploads\/2025\/10\/CAMPANAGRUESA1-1536x690.jpeg 1536w, https:\/\/grupogpps.org\/wp-content\/uploads\/2025\/10\/CAMPANAGRUESA1-18x8.jpeg 18w, https:\/\/grupogpps.org\/wp-content\/uploads\/2025\/10\/CAMPANAGRUESA1.jpeg 1600w\" sizes=\"auto, (max-width: 768px) 100vw, 768px\" \/><\/div><\/a>\n\t\t\t\t<div class=\"elementor-post__text\">\n\t\t\t\t<h3 class=\"elementor-post__title\">\n\t\t\t<a href=\"https:\/\/grupogpps.org\/pt\/marcelo-regunaga-la-agricultura-del-mercosur-debe-ser-reconocida-como-parte-de-la-solucion-al-cambio-climatico\/\" >\n\t\t\t\tMarcelo Reg\u00fanaga: \"A agricultura do Mercosul deve ser reconhecida como parte da solu\u00e7\u00e3o para as mudan\u00e7as clim\u00e1ticas.\"\t\t\t<\/a>\n\t\t<\/h3>\n\t\t\t\t<\/div>\n\t\t\t\t<div class=\"elementor-post__meta-data\">\n\t\t\t\t\t<span class=\"elementor-post-date\">\n\t\t\t7 outubro, 2025\t\t<\/span>\n\t\t\t\t<\/div>\n\t\t\t\t\t<\/div>\n\t\t<\/article>\n\t\t\t\t<article class=\"elementor-post elementor-grid-item post-5129 post type-post status-publish format-standard has-post-thumbnail hentry category-actividades category-eventos category-home category-novedades\">\n\t\t\t<div class=\"elementor-post__card\">\n\t\t\t\t<a class=\"elementor-post__thumbnail__link\" href=\"https:\/\/grupogpps.org\/pt\/gps-y-el-consejo-agroindustrial-argentino-firman-una-carta-acuerdo-para-potenciar-la-cooperacion-institucional\/\" ><div class=\"elementor-post__thumbnail\"><img loading=\"lazy\" decoding=\"async\" width=\"768\" height=\"576\" src=\"https:\/\/grupogpps.org\/wp-content\/uploads\/2025\/09\/2-768x576.jpeg\" class=\"attachment-medium_large size-medium_large wp-image-5130\" alt=\"\" srcset=\"https:\/\/grupogpps.org\/wp-content\/uploads\/2025\/09\/2-768x576.jpeg 768w, https:\/\/grupogpps.org\/wp-content\/uploads\/2025\/09\/2-300x225.jpeg 300w, https:\/\/grupogpps.org\/wp-content\/uploads\/2025\/09\/2-1024x768.jpeg 1024w, https:\/\/grupogpps.org\/wp-content\/uploads\/2025\/09\/2-16x12.jpeg 16w, https:\/\/grupogpps.org\/wp-content\/uploads\/2025\/09\/2.jpeg 1280w\" sizes=\"auto, (max-width: 768px) 100vw, 768px\" \/><\/div><\/a>\n\t\t\t\t<div class=\"elementor-post__text\">\n\t\t\t\t<h3 class=\"elementor-post__title\">\n\t\t\t<a href=\"https:\/\/grupogpps.org\/pt\/gps-y-el-consejo-agroindustrial-argentino-firman-una-carta-acuerdo-para-potenciar-la-cooperacion-institucional\/\" >\n\t\t\t\tGPS e Conselho Agroindustrial Argentino assinam Carta de Acordo para fortalecer a coopera\u00e7\u00e3o institucional\t\t\t<\/a>\n\t\t<\/h3>\n\t\t\t\t<\/div>\n\t\t\t\t<div class=\"elementor-post__meta-data\">\n\t\t\t\t\t<span class=\"elementor-post-date\">\n\t\t\t3 setembro, 2025\t\t<\/span>\n\t\t\t\t<\/div>\n\t\t\t\t\t<\/div>\n\t\t<\/article>\n\t\t\t\t<article class=\"elementor-post elementor-grid-item post-5124 post type-post status-publish format-standard has-post-thumbnail hentry category-actividades category-documentos-institucionales category-eventos category-home category-novedades\">\n\t\t\t<div class=\"elementor-post__card\">\n\t\t\t\t<a class=\"elementor-post__thumbnail__link\" href=\"https:\/\/grupogpps.org\/pt\/el-sector-privado-agropecuario-brasileno-se-prepara-para-la-cop30-de-belem\/\" ><div class=\"elementor-post__thumbnail\"><img loading=\"lazy\" decoding=\"async\" width=\"768\" height=\"288\" src=\"https:\/\/grupogpps.org\/wp-content\/uploads\/2025\/08\/Marcelo_ABAG4-768x288.jpeg\" class=\"attachment-medium_large size-medium_large wp-image-5125\" alt=\"\" srcset=\"https:\/\/grupogpps.org\/wp-content\/uploads\/2025\/08\/Marcelo_ABAG4-768x288.jpeg 768w, https:\/\/grupogpps.org\/wp-content\/uploads\/2025\/08\/Marcelo_ABAG4-300x113.jpeg 300w, https:\/\/grupogpps.org\/wp-content\/uploads\/2025\/08\/Marcelo_ABAG4-1024x384.jpeg 1024w, https:\/\/grupogpps.org\/wp-content\/uploads\/2025\/08\/Marcelo_ABAG4-18x7.jpeg 18w, https:\/\/grupogpps.org\/wp-content\/uploads\/2025\/08\/Marcelo_ABAG4.jpeg 1280w\" sizes=\"auto, (max-width: 768px) 100vw, 768px\" \/><\/div><\/a>\n\t\t\t\t<div class=\"elementor-post__text\">\n\t\t\t\t<h3 class=\"elementor-post__title\">\n\t\t\t<a href=\"https:\/\/grupogpps.org\/pt\/el-sector-privado-agropecuario-brasileno-se-prepara-para-la-cop30-de-belem\/\" >\n\t\t\t\tSetor agr\u00edcola privado brasileiro se prepara para a COP30 em Bel\u00e9m\t\t\t<\/a>\n\t\t<\/h3>\n\t\t\t\t<\/div>\n\t\t\t\t<div class=\"elementor-post__meta-data\">\n\t\t\t\t\t<span class=\"elementor-post-date\">\n\t\t\t29 agosto, 2025\t\t<\/span>\n\t\t\t\t<\/div>\n\t\t\t\t\t<\/div>\n\t\t<\/article>\n\t\t\t\t<\/div>\n\t\t\n\t\t\t\t<div class=\"e-load-more-anchor\" data-page=\"1\" data-max-page=\"19\" data-next-page=\"https:\/\/grupogpps.org\/pt\/wp-json\/wp\/v2\/pages\/2422\/page\/2\/\"><\/div>\n\t\t\t\t<nav class=\"elementor-pagination\" aria-label=\"Pagina\u00e7\u00e3o\">\n\t\t\t<span class=\"page-numbers prev\">\u00ab Anterior<\/span>\n<a class=\"page-numbers next\" href=\"https:\/\/grupogpps.org\/pt\/wp-json\/wp\/v2\/pages\/2422\/page\/2\/\">Segue \u00bb<\/a>\t\t<\/nav>\n\t\t\t\t<\/div>\n\t\t\t\t<\/div>\n\t\t\t\t\t<\/div>\n\t\t<\/div>\n\t\t\t\t\t\t\t<\/div>\n\t\t<\/section>\n\t\t\t\t\t\t\t<\/div>","protected":false},"excerpt":{"rendered":"<p>Eventos y actividades GPS busca promover un debate informado sobre temas de inter\u00e9s; y difundir informaci\u00f3n e ideas a trav\u00e9s de la promoci\u00f3n, organizaci\u00f3n y<\/p>","protected":false},"author":1,"featured_media":0,"parent":0,"menu_order":0,"comment_status":"closed","ping_status":"closed","template":"","meta":{"footnotes":""},"class_list":["post-2422","page","type-page","status-publish","hentry"],"yoast_head":"<!-- This site is optimized with the Yoast SEO plugin v26.8 - https:\/\/yoast.com\/product\/yoast-seo-wordpress\/ -->\n<title>Eventos y actividades - GPS<\/title>\n<meta name=\"description\" content=\"Promoci\u00f3n, organizaci\u00f3n y participaci\u00f3n en foros nacionales, regionales e internacionales para contribuir al posicionamiento internacional de los sistemas agroalimentarios de la regi\u00f3n.\" \/>\n<meta name=\"robots\" content=\"index, follow, max-snippet:-1, max-image-preview:large, max-video-preview:-1\" \/>\n<link rel=\"canonical\" href=\"https:\/\/grupogpps.org\/pt\/eventos-y-actividades\/\" \/>\n<meta property=\"og:locale\" content=\"pt_BR\" \/>\n<meta property=\"og:type\" content=\"article\" \/>\n<meta property=\"og:title\" content=\"Eventos y actividades - GPS\" \/>\n<meta property=\"og:description\" content=\"Promoci\u00f3n, organizaci\u00f3n y participaci\u00f3n en foros nacionales, regionales e internacionales para contribuir al posicionamiento internacional de los sistemas agroalimentarios de la regi\u00f3n.\" \/>\n<meta property=\"og:url\" content=\"https:\/\/grupogpps.org\/pt\/eventos-y-actividades\/\" \/>\n<meta property=\"og:site_name\" content=\"GPS\" \/>\n<meta property=\"article:publisher\" content=\"https:\/\/www.linkedin.com\/company\/25037162\/\" \/>\n<meta property=\"article:modified_time\" content=\"2022-08-04T12:30:44+00:00\" \/>\n<meta name=\"twitter:card\" content=\"summary_large_image\" \/>\n<meta name=\"twitter:site\" content=\"@GPSLatinAmerica\" \/>\n<meta name=\"twitter:label1\" content=\"Est. tempo de leitura\" \/>\n\t<meta name=\"twitter:data1\" content=\"1 minuto\" \/>\n<script type=\"application\/ld+json\" class=\"yoast-schema-graph\">{\"@context\":\"https:\/\/schema.org\",\"@graph\":[{\"@type\":\"WebPage\",\"@id\":\"https:\/\/grupogpps.org\/eventos-y-actividades\/\",\"url\":\"https:\/\/grupogpps.org\/eventos-y-actividades\/\",\"name\":\"Eventos y actividades - GPS\",\"isPartOf\":{\"@id\":\"https:\/\/grupogpps.org\/#website\"},\"datePublished\":\"2021-07-03T21:54:07+00:00\",\"dateModified\":\"2022-08-04T12:30:44+00:00\",\"description\":\"Promoci\u00f3n, organizaci\u00f3n y participaci\u00f3n en foros nacionales, regionales e internacionales para contribuir al posicionamiento internacional de los sistemas agroalimentarios de la regi\u00f3n.\",\"breadcrumb\":{\"@id\":\"https:\/\/grupogpps.org\/eventos-y-actividades\/#breadcrumb\"},\"inLanguage\":\"pt-BR\",\"potentialAction\":[{\"@type\":\"ReadAction\",\"target\":[\"https:\/\/grupogpps.org\/eventos-y-actividades\/\"]}]},{\"@type\":\"BreadcrumbList\",\"@id\":\"https:\/\/grupogpps.org\/eventos-y-actividades\/#breadcrumb\",\"itemListElement\":[{\"@type\":\"ListItem\",\"position\":1,\"name\":\"Inicio\",\"item\":\"https:\/\/grupogpps.org\/\"},{\"@type\":\"ListItem\",\"position\":2,\"name\":\"Eventos y actividades\"}]},{\"@type\":\"WebSite\",\"@id\":\"https:\/\/grupogpps.org\/#website\",\"url\":\"https:\/\/grupogpps.org\/\",\"name\":\"GPS\",\"description\":\"Grupo de pa\u00edses productores del sur\",\"publisher\":{\"@id\":\"https:\/\/grupogpps.org\/#organization\"},\"potentialAction\":[{\"@type\":\"SearchAction\",\"target\":{\"@type\":\"EntryPoint\",\"urlTemplate\":\"https:\/\/grupogpps.org\/?s={search_term_string}\"},\"query-input\":{\"@type\":\"PropertyValueSpecification\",\"valueRequired\":true,\"valueName\":\"search_term_string\"}}],\"inLanguage\":\"pt-BR\"},{\"@type\":\"Organization\",\"@id\":\"https:\/\/grupogpps.org\/#organization\",\"name\":\"GPS - Grupo de pa\u00edses productores del sur\",\"url\":\"https:\/\/grupogpps.org\/\",\"logo\":{\"@type\":\"ImageObject\",\"inLanguage\":\"pt-BR\",\"@id\":\"https:\/\/grupogpps.org\/#\/schema\/logo\/image\/\",\"url\":\"http:\/\/grupogpps.org\/wp-content\/uploads\/2021\/06\/logoGPS3.svg\",\"contentUrl\":\"http:\/\/grupogpps.org\/wp-content\/uploads\/2021\/06\/logoGPS3.svg\",\"width\":1,\"height\":1,\"caption\":\"GPS - Grupo de pa\u00edses productores del sur\"},\"image\":{\"@id\":\"https:\/\/grupogpps.org\/#\/schema\/logo\/image\/\"},\"sameAs\":[\"https:\/\/www.linkedin.com\/company\/25037162\/\",\"https:\/\/x.com\/GPSLatinAmerica\",\"https:\/\/www.instagram.com\/gpslatin\/\",\"https:\/\/www.youtube.com\/channel\/UCM2Qf0jSqNRJRkqmU8dO9QA\/videos\"]}]}<\/script>\n<!-- \/ Yoast SEO plugin. -->","yoast_head_json":{"title":"Eventos y actividades - GPS","description":"Promoci\u00f3n, organizaci\u00f3n y participaci\u00f3n en foros nacionales, regionales e internacionales para contribuir al posicionamiento internacional de los sistemas agroalimentarios de la regi\u00f3n.","robots":{"index":"index","follow":"follow","max-snippet":"max-snippet:-1","max-image-preview":"max-image-preview:large","max-video-preview":"max-video-preview:-1"},"canonical":"https:\/\/grupogpps.org\/pt\/eventos-y-actividades\/","og_locale":"pt_BR","og_type":"article","og_title":"Eventos y actividades - GPS","og_description":"Promoci\u00f3n, organizaci\u00f3n y participaci\u00f3n en foros nacionales, regionales e internacionales para contribuir al posicionamiento internacional de los sistemas agroalimentarios de la regi\u00f3n.","og_url":"https:\/\/grupogpps.org\/pt\/eventos-y-actividades\/","og_site_name":"GPS","article_publisher":"https:\/\/www.linkedin.com\/company\/25037162\/","article_modified_time":"2022-08-04T12:30:44+00:00","twitter_card":"summary_large_image","twitter_site":"@GPSLatinAmerica","twitter_misc":{"Est. tempo de leitura":"1 minuto"},"schema":{"@context":"https:\/\/schema.org","@graph":[{"@type":"WebPage","@id":"https:\/\/grupogpps.org\/eventos-y-actividades\/","url":"https:\/\/grupogpps.org\/eventos-y-actividades\/","name":"Eventos y actividades - GPS","isPartOf":{"@id":"https:\/\/grupogpps.org\/#website"},"datePublished":"2021-07-03T21:54:07+00:00","dateModified":"2022-08-04T12:30:44+00:00","description":"Promoci\u00f3n, organizaci\u00f3n y participaci\u00f3n en foros nacionales, regionales e internacionales para contribuir al posicionamiento internacional de los sistemas agroalimentarios de la regi\u00f3n.","breadcrumb":{"@id":"https:\/\/grupogpps.org\/eventos-y-actividades\/#breadcrumb"},"inLanguage":"pt-BR","potentialAction":[{"@type":"ReadAction","target":["https:\/\/grupogpps.org\/eventos-y-actividades\/"]}]},{"@type":"BreadcrumbList","@id":"https:\/\/grupogpps.org\/eventos-y-actividades\/#breadcrumb","itemListElement":[{"@type":"ListItem","position":1,"name":"Inicio","item":"https:\/\/grupogpps.org\/"},{"@type":"ListItem","position":2,"name":"Eventos y actividades"}]},{"@type":"WebSite","@id":"https:\/\/grupogpps.org\/#website","url":"https:\/\/grupogpps.org\/","name":"GPS","description":"Grupo de pa\u00edses productores del sur","publisher":{"@id":"https:\/\/grupogpps.org\/#organization"},"potentialAction":[{"@type":"SearchAction","target":{"@type":"EntryPoint","urlTemplate":"https:\/\/grupogpps.org\/?s={search_term_string}"},"query-input":{"@type":"PropertyValueSpecification","valueRequired":true,"valueName":"search_term_string"}}],"inLanguage":"pt-BR"},{"@type":"Organization","@id":"https:\/\/grupogpps.org\/#organization","name":"GPS - Grupo de pa\u00edses productores del sur","url":"https:\/\/grupogpps.org\/","logo":{"@type":"ImageObject","inLanguage":"pt-BR","@id":"https:\/\/grupogpps.org\/#\/schema\/logo\/image\/","url":"http:\/\/grupogpps.org\/wp-content\/uploads\/2021\/06\/logoGPS3.svg","contentUrl":"http:\/\/grupogpps.org\/wp-content\/uploads\/2021\/06\/logoGPS3.svg","width":1,"height":1,"caption":"GPS - Grupo de pa\u00edses productores del sur"},"image":{"@id":"https:\/\/grupogpps.org\/#\/schema\/logo\/image\/"},"sameAs":["https:\/\/www.linkedin.com\/company\/25037162\/","https:\/\/x.com\/GPSLatinAmerica","https:\/\/www.instagram.com\/gpslatin\/","https:\/\/www.youtube.com\/channel\/UCM2Qf0jSqNRJRkqmU8dO9QA\/videos"]}]}},"_links":{"self":[{"href":"https:\/\/grupogpps.org\/pt\/wp-json\/wp\/v2\/pages\/2422","targetHints":{"allow":["GET"]}}],"collection":[{"href":"https:\/\/grupogpps.org\/pt\/wp-json\/wp\/v2\/pages"}],"about":[{"href":"https:\/\/grupogpps.org\/pt\/wp-json\/wp\/v2\/types\/page"}],"author":[{"embeddable":true,"href":"https:\/\/grupogpps.org\/pt\/wp-json\/wp\/v2\/users\/1"}],"replies":[{"embeddable":true,"href":"https:\/\/grupogpps.org\/pt\/wp-json\/wp\/v2\/comments?post=2422"}],"version-history":[{"count":42,"href":"https:\/\/grupogpps.org\/pt\/wp-json\/wp\/v2\/pages\/2422\/revisions"}],"predecessor-version":[{"id":3969,"href":"https:\/\/grupogpps.org\/pt\/wp-json\/wp\/v2\/pages\/2422\/revisions\/3969"}],"wp:attachment":[{"href":"https:\/\/grupogpps.org\/pt\/wp-json\/wp\/v2\/media?parent=2422"}],"curies":[{"name":"wp","href":"https:\/\/api.w.org\/{rel}","templated":true}]}}